{"id":11502,"date":"2019-03-21T15:20:48","date_gmt":"2019-03-21T20:20:48","guid":{"rendered":"https:\/\/gonzaloriveralaguado.edu.co\/web\/?page_id=11502"},"modified":"2020-02-14T11:58:51","modified_gmt":"2020-02-14T16:58:51","slug":"nuestro-colegio","status":"publish","type":"page","link":"https:\/\/gonzaloriveralaguado.edu.co\/web\/nuestro-colegio\/","title":{"rendered":"Nuestro Colegio"},"content":{"rendered":"<div class=\"wpb-content-wrapper\"><p>[vc_row][vc_column]<div class=\"thim-widget-heading template-base\"><div class=\"sc_heading  text-center\"><h3 style=\"font-size:35px;font-weight:600;\" class=\"title\">Informaci\u00f3n <strong>Institucional<\/strong><\/h3><\/div><\/div>[\/vc_column][\/vc_row][vc_row css=\u00bb.vc_custom_1559531433775{margin-bottom: 15px !important;}\u00bb][vc_column width=\u00bb5\/12&#8243; css=\u00bb.vc_custom_1553219212365{margin-bottom: 30px !important;}\u00bb][vc_column_text]<\/p>\n<h3 class=\"thim-text-title\">Misi\u00f3n<\/h3>\n<p>Ofrecer un servicio educativo desde preescolar hasta la media t\u00e9cnica que permita la formaci\u00f3n de l\u00edderes integrales (en lo cognitivo, social, axiol\u00f3gico y espiritual) que generen cambios dinamizadores en la comunidad teniendo como base la formaci\u00f3n dada a trav\u00e9s de los convenios SENA-MEN, EN LA MODALIDAD DE MARROQUINERIA, T\u00c9CNICO EN SISTEMAS, fundamentado con el apropiamiento de la filosof\u00eda de su Proyecto Educativo institucional \u201cEDUCANDO EN VALORES\u201d.[\/vc_column_text][\/vc_column][vc_column width=\u00bb7\/12&#8243; css=\u00bb.vc_custom_1553219224890{margin-bottom: 30px !important;}\u00bb][vc_column_text]<\/p>\n<h3 class=\"thim-text-title\">Visi\u00f3n<\/h3>\n<p>Al finalizar el a\u00f1o 2030 la instituci\u00f3n educativa estar\u00e1 posicionada dentro de la sociedad educativa como un ente formador en valores de espiritualidad, respeto, responsabilidad social, sentido de pertenencia, reconversi\u00f3n y di\u00e1logo; desarrollando en sus estudiantes competencias a trav\u00e9s del apropiamiento del conocimiento, la ciencia y la tecnolog\u00eda permitiendo un pensamiento empresarial, Humanista de l\u00edderes competitivos que se ajusta a los exigentes cambios de la sociedad del mundo actual.[\/vc_column_text][\/vc_column][\/vc_row][vc_row disable_element=\u00bbyes\u00bb][vc_column][vc_tta_tabs][vc_tta_section title=\u00bbOBJETIVOS Y VALORES\u00bb tab_id=\u00bb1553201553639-a4a157b2-0618&#8243;][vc_column_text]<\/p>\n<h3 class=\"thim-text-title\">Objetivos Institucionales<\/h3>\n<ul class=\"thim-list-content\">\n<li>KJHKJHJKHKHJ&#8230;<\/li>\n<\/ul>\n<p>&nbsp;<\/p>\n<h3 class=\"thim-text-title\">Valores Institucionales<\/h3>\n<p>Como ejes articuladores\u00a0 los siguientes valores:<\/p>\n<ul class=\"thim-list-content\">\n<li><strong>La Justicia<\/strong>: ssssss.<\/li>\n<\/ul>\n<p>[\/vc_column_text][\/vc_tta_section][vc_tta_section title=\u00bbFILOSOF\u00cdA Y PRINCIPIOS\u00bb tab_id=\u00bb1553201553661-4cb8a9a4-11b5&#8243;][vc_column_text]<\/p>\n<h3 class=\"thim-text-title\">Filosof\u00eda y Principios Institucionales<\/h3>\n<p>La Filosof\u00eda de la Instituci\u00f3n &#8230;<\/p>\n<ul class=\"thim-list-content\">\n<li><strong>La Cultura, La Ciencia y la Tecnolog\u00eda <\/strong><\/li>\n<\/ul>\n<p>Proyecto Transversal.<\/p>\n<ul class=\"thim-list-content\">\n<li><strong>La Democracia, Ciudadan\u00eda y el Respeto por la Diversidad y la Vida<\/strong><\/li>\n<\/ul>\n<p>Ciencias Sociales, \u00c9tica, Religi\u00f3n.<\/p>\n<ul class=\"thim-list-content\">\n<li><strong>El Cuidado del Ambiente y el Respeto por los Derechos de los Animales<\/strong><\/li>\n<\/ul>\n<p>Ciencias Naturales, Ciencias Sociales, \u00c9tica y Valores, Educaci\u00f3n Religiosa.[\/vc_column_text][\/vc_tta_section][vc_tta_section title=\u00bbPOL\u00cdTICA Y OBJETIVOS DE CALIDAD\u00bb tab_id=\u00bb1553202116208-8d028f78-28a5&#8243;][vc_column_text]<\/p>\n<h3 class=\"thim-text-title\">Pol\u00edtica de Calidad<\/h3>\n<p>La Instituci\u00f3n Ovy&#8230;<\/p>\n<h3 class=\"thim-text-title\">Objetivos de Calidad<\/h3>\n<ul class=\"thim-list-content\">\n<li>Requisitos y necesidades de los usuarios<\/li>\n<\/ul>\n<p>[\/vc_column_text][\/vc_tta_section][vc_tta_section title=\u00bbENFOQUE PEDAG\u00d3GICO\u00bb tab_id=\u00bb1553203450656-a52e943b-1e54&#8243;][vc_column_text]<\/p>\n<h3 class=\"thim-text-title\">Enfoque Pedag\u00f3gico<\/h3>\n<p>El enfoque pedag\u00f3gic&#8230;[\/vc_column_text][\/vc_tta_section][\/vc_tta_tabs][\/vc_column][\/vc_row][vc_row][vc_column][vc_row_inner][vc_column_inner]<div class=\"thim-widget-heading template-base\"><div class=\"sc_heading  text-center\"><h3 class=\"title\"><strong>Himno<\/strong> Institucional<\/h3><span class=\"line\"><\/span><\/div><\/div>[\/vc_column_inner][\/vc_row_inner][vc_row_inner][vc_column_inner width=\u00bb1\/3&#8243;]<div class=\"thim-widget-heading template-base\"><div class=\"sc_heading  text-center\"><h3 class=\"title\">CORO<\/h3><span class=\"line\"><\/span><\/div><\/div>[vc_column_text]<\/p>\n<p style=\"text-align: center;\">Compa\u00f1eros del Rivera Laguado<br \/>\nentonemos un himno,<br \/>\nun himno sin igual<\/p>\n<p>&nbsp;<\/p>\n<div style=\"text-align: center;\"><\/div>\n<p>[\/vc_column_text]<div class=\"thim-widget-heading template-base\"><div class=\"sc_heading  text-center\"><h3 class=\"title\">III<\/h3><span class=\"line\"><\/span><\/div><\/div>[vc_column_text]<\/p>\n<p style=\"text-align: center;\">Ser alumno del Rivera Laguado<br \/>\nsigno que enaltece y exalta de verdad,<br \/>\nsu glorioso pasado ha forjado<br \/>\njuventudes ilustres de orgullo nacional.<\/p>\n<p>[\/vc_column_text][\/vc_column_inner][vc_column_inner width=\u00bb1\/3&#8243;]<div class=\"thim-widget-heading template-base\"><div class=\"sc_heading  text-center\"><h3 class=\"title\">I<\/h3><span class=\"line\"><\/span><\/div><\/div>[vc_column_text]<\/p>\n<p style=\"text-align: center;\">El colegio que es un templo sagrado<br \/>\nnos ense\u00f1a el camino,<br \/>\nforjando un ideal.<\/p>\n<p>[\/vc_column_text]<div class=\"thim-widget-heading template-base\"><div class=\"sc_heading  text-center\"><h3 class=\"title\">IV<\/h3><span class=\"line\"><\/span><\/div><\/div>[vc_column_text]<\/p>\n<p style=\"text-align: center;\">Exaltemos siempre al Rivera<br \/>\ncomo gran instituci\u00f3n,<br \/>\nser patrimonio y herencia<br \/>\ndel padre Calder\u00f3n,<br \/>\nser patrimonio y herencia<br \/>\ndel padre Calder\u00f3n<\/p>\n<p>[\/vc_column_text][\/vc_column_inner][vc_column_inner width=\u00bb1\/3&#8243;]<div class=\"thim-widget-heading template-base\"><div class=\"sc_heading  text-center\"><h3 class=\"title\">II<\/h3><span class=\"line\"><\/span><\/div><\/div>[vc_column_text]<\/p>\n<p style=\"text-align: center;\">Eres mi querido colegio<br \/>\neres mi segundo hogar,<br \/>\ndonde la ni\u00f1ez se allega<br \/>\ncon ansias de progresar,<br \/>\ndonde la ni\u00f1ez se allega<br \/>\ncon ansias de progresar.<\/p>\n<p>[\/vc_column_text]<div class=\"thim-widget-heading template-base\"><div class=\"sc_heading  text-center\"><h3 class=\"title\"><\/h3><span class=\"line\"><\/span><\/div><\/div>[vc_column_text]<\/p>\n<p style=\"text-align: center;\">Arreglos y adaptaci\u00f3n de \u00c1lvaro Octavio Santos Rey<\/p>\n<p>[\/vc_column_text][\/vc_column_inner][\/vc_row_inner][\/vc_column][\/vc_row][vc_row][vc_column]<div class=\"thim-widget-heading template-base\"><div class=\"sc_heading  text-center\"><h3 class=\"title\">S\u00edmbolos <strong>Institucionales<\/strong><\/h3><\/div><\/div>[vc_column_text]<\/p>\n<h3 class=\"thim-text-title\">Escudo<\/h3>\n<p>El escudo\u00a0 identifica la instituci\u00f3n Gonzalo Rivera Laguado, \u00a0est\u00e1 formado por un blas\u00f3n de tipo espa\u00f1ol, cuadrilongo (rectangular, redondeado en la parte inferior), enmarcado con un borde negro\u00a0\u00a0 expandiendo en su campo un \u00a0Gules de color rojo que simboliza: valor, fortaleza, honor, osad\u00eda y victoria de nuestros estudiantes con el compromiso de forjar su futuro, \u00a0resaltando el nombre de nuestra magn\u00e1nima INSTITUCI\u00d3N EDUCATIVA GONZALO RIVERA LAGUADO, dentro del campo\u00a0 Gules \u00a0se encuentra un redondel geom\u00e9trico enmarcado en un color negro de inicio afortunado y cuyo campo tiene un color blanco s\u00edmbolo de fe,\u00a0\u00a0 luz, bondad,\u00a0 seguridad y pureza de nuestros educandos, \u00a0al interior de este se encuentra una antorcha emblema de iluminaci\u00f3n espiritual y conocimiento (conformada de la siguiente simbolog\u00eda el mango de la antorcha es una <strong>G<\/strong>, alude a Gonzalo Rivera Laguado gobernador del Norte de Santander entre los a\u00f1os de 1953 -1957). Una flameante llama, s\u00edmbolo de vida y poder regenerador de esp\u00edritu, \u201cEDUCANDO EN VALORES\u201d.[\/vc_column_text][vc_single_image image=\u00bb11716&#8243; img_size=\u00bbmedium\u00bb alignment=\u00bbcenter\u00bb][vc_column_text]<\/p>\n<h3 class=\"thim-text-title\">La Bandera<\/h3>\n<p>La Bandera de nuestra instituci\u00f3n fue adoptada el 20 de julio de 2019, tiene una forma rectangular y est\u00e1 dividida en cuatro bandas horizontales iguales, la parte superior e inferior de color blanco signo de la perfecci\u00f3n, de connotaci\u00f3n positiva.\u00a0 Se asocia a la luz, la bondad, la inocencia, la pureza y la paz, en la parte central dos colores que aluden al contexto del municipio de C\u00facuta en la parte superior central el color naranja e inferior el color rojo cuya fusi\u00f3n semblanza el color terracota s\u00edmbolo de nuestro suelo \u201cTierra caliente\u201d, Transmiten sensaciones de estabilidad, contenci\u00f3n, solidez, calidez. El rojo s\u00edmbolo de nuestros h\u00e9roes de independencia, y la batalla de C\u00facuta el 28 de febrero de 1813, vinculo de la pasi\u00f3n, la energ\u00eda y a la emoci\u00f3n por la intelectualidad. A la formaci\u00f3n de su ser como persona fundada en los valores humanos y la competitividad laboral.<\/p>\n<p>En la parte central va el escudo que identifica nuestra instituci\u00f3n Gonzalo Rivera Laguado.[\/vc_column_text][vc_single_image image=\u00bb11915&#8243; img_size=\u00bbfull\u00bb alignment=\u00bbcenter\u00bb][vc_column_text]<\/p>\n<h3 class=\"thim-text-title\">GONZALO RIVERA LAGUADO, GOBERNADOR DEL NORTE DE SANTANDER<br \/>\n(1953-1957).<\/h3>\n<p><img loading=\"lazy\" decoding=\"async\" class=\"alignleft size-medium wp-image-11955\" src=\"https:\/\/gonzaloriveralaguado.edu.co\/web\/wp-content\/uploads\/2020\/02\/image001-200x300.jpg\" alt=\"\" width=\"200\" height=\"300\" srcset=\"https:\/\/gonzaloriveralaguado.edu.co\/web\/wp-content\/uploads\/2020\/02\/image001-200x300.jpg 200w, https:\/\/gonzaloriveralaguado.edu.co\/web\/wp-content\/uploads\/2020\/02\/image001.jpg 559w\" sizes=\"auto, (max-width: 200px) 100vw, 200px\" \/><\/p>\n<p><strong>DATOS BIOGR\u00c1FICOS<\/strong><\/p>\n<p><strong>Gonzalo Rivera Laguado<\/strong> naci\u00f3 en Pamplona el 10 de enero de 1911, siendo sus padres Don Narciso Rivera, oriundo de Cacota, y Do\u00f1a Eva Laguado de Rivera, natural de Pamplona.<\/p>\n<p>Inicio su aprendizaje en su ciudad de nacimiento haciendo su primaria en el liceo de Do\u00f1a Lola Lamus viuda de Rodr\u00edguez y Do\u00f1a Zoila Gallardo, lo mismo que en el de San Tarcisio, bajo la experta direcci\u00f3n pedag\u00f3gica de Don Isaac Fl\u00f3rez. Su preparaci\u00f3n de ense\u00f1anza secundaria la hizo en el seminario de Pamplona, donde se inici\u00f3 en las disciplinas human\u00edsticas y en el colegio San Jos\u00e9 Provincial de Pamplona quien le otorgo el diploma de Bachiller en 1931, habiendo empezado en 1925.\u00a0 Su preparaci\u00f3n universitaria fue iniciada en 1934 en la Facultad de Derecho de la Universidad libre, para pasar luego a la misma facultad en la Universidad Nacional, donde hizo el resto de su carrera de 1935 a 1938, obteniendo el t\u00edtulo en Derecho y Ciencias Pol\u00edticas y Econ\u00f3micas el 5 de junio de 1939.<\/p>\n<p>Ya titulado y en ejercicio de su profesi\u00f3n contrajo matrimonio con do\u00f1a Magdalena Mart\u00ednez de cuya uni\u00f3 hubo los hijos Marta Cecilia, Myrian Susana, Gonzalo Alberto, \u00c1lvaro Enrique, y Luis Fernando todos formados a base de virtudes cristianas en el seno de un hogar muy honorable majestuoso y respetable.<\/p>\n<p>En 1940 el doctor Gonzalo Rivera Laguado se instal\u00f3 en C\u00facuta para el ejercicio de su profesi\u00f3n y a los pocos d\u00edas fue llamado a ocupar la posici\u00f3n de Juez 2\u00ba del circuito civil; en 1942 desempe\u00f1o la Auditoria Fiscal de la Contralor\u00eda departamental de donde paso a la Direcci\u00f3n de educaci\u00f3n P\u00fablica. Posteriormente ocup\u00f3 las Secretarias de Gobierno y de Hacienda del Departamento.<\/p>\n<p>Pol\u00edticamente Gonzalo Rivera es un destacado y convencido conservador, conforme a la tradici\u00f3n de su estirpe. Lo que ha hecho que el Directorio Nacional Conservador lo designe miembro del directorio Departamental donde ha hecho gran labor con su ejemplo y con la organizaci\u00f3n de las fuerzas vivas de la colectividad.<\/p>\n<p>El 15 de junio de 1953 fue nombrado gobernador del Departamento Norte de Santander por el se\u00f1or presidente de la Rep\u00fablica Teniente General Gustavo Rojas Pinilla y su Ministro de Gobierno doctor Lucio Pab\u00f3n N\u00fa\u00f1ez, mediante el decreto No. 1.476. Tom\u00f3 posesi\u00f3n de su cargo el 17 del mismo mes mediante acta de posesi\u00f3n que reposa en el archivo de la Secretar\u00eda de Gobierno.<\/p>\n<p>Hizo debates donde la emulaci\u00f3n oratoria lo transporto a lo que nunca alcanz\u00f3 \u00e9l, habi\u00e9ndoselo propuesto: el Congreso Nacional, pero en el recinto de la Asamblea tuvo la oportunidad de ejercer el derecho de cr\u00edtica y el placer est\u00e9tico de la elocuencia, frente a la m\u00e1s sustanciosa promesa pol\u00edtica que para entonces era Eduardo Cote Lamus. Rivera Laguado lo hac\u00eda con gran facilidad y con un estilo directo, no muy adicto a la met\u00e1fora, pero eso s\u00ed, en un castellano fino, elegante. No en vano hab\u00eda cursado filosof\u00eda y parte de la teolog\u00eda, en lat\u00edn y en franc\u00e9s, en el Seminario Conciliar de Pamplona, bajo la direcci\u00f3n de los curas franceses que una vez lo regentaron.<\/p>\n<p>Rivera Laguado profundamente. Pudo predicar las excelencias de su esp\u00edritu. la plenitud de su Inteligencia, la calidad de ser humano que habla en \u00e9l Era un hombre de Inmarcesibles terquedades. Amaba a su familia y en ella encontraba razones poderosas para amar la vida.<\/p>\n<p>Pose\u00eda una cultura ciertamente superior. Conoc\u00eda los temas de la historia, de la poes\u00eda. de la pol\u00edtica.\u00a0 Declamo,\u00a0 poemas de Baudelalre, de Verlaine, de poetas Latinoamericanos, con gracia y un hondo sentido de la belleza.<\/p>\n<p>Para el 10 de septiembre de l954 el se\u00f1or presidente reeligi\u00f3 en su cargo de Gobernador el Dr. Rivera Laguado, en el que permaneci\u00f3 hasta el 10 de mayo de 1957. en que el Teniente General Gustavo Rojas Pinilla abandon\u00f3 el poder el pa\u00eds despu\u00e9s de nombrar Junta de cinco militares para que gobernara el pa\u00eds. Fue esta junta la que acept\u00f3 la renuncia puesta por el doctor Rivera Laguado, mediante decreto No. 970 del 21 de mayo del mismo a\u00f1o.<\/p>\n<p><strong>PRIMEROS ACTOS DE GOBIERNO<\/strong><\/p>\n<p>Nombramientos de secretarios. El mismo d\u00eda de la posesi\u00f3n y por decreto No. 576 fueron nombrados los secretarios siguientes: de Gobierno el doctor Jos\u00e9 Luis Acero Jord\u00e1n, de Hacienda el Dr. Sixto Tulio Reyes Peinado y de Obras Publicas el doctor Francisco Scobino. Continuaron en sus cargos que desempe\u00f1aban en la Administraci\u00f3n anterior los doctores Luis Ernesto Duran en la Secretar\u00eda de Agricultura y Emilio Garc\u00eda Carvajalino en la Direcci\u00f3n de Educaci\u00f3n P\u00fablica. Estos secretarios fueron ratificados en sus cargos el 6 de Julio de 1955.<\/p>\n<p>Fue el Secretario de Obras P\u00fablicas Dr. Scobino quien instal\u00f3 en el Palacio de la gobernaci\u00f3n el reloj de control para el horario de empleados el 20 Je junio de 1954. Jornada de 71\/2 a 12 y de 2 a 5 1\/2 de la tarde.<\/p>\n<p>Secretario Privado del Gobernador Luis Felipe D\u00e1vila como Secretario Privado era el jefe de la Oficina de Informaci\u00f3n, y para el 31 de diciembre de 1955 hab\u00eda expedido 56 boletines y 5.000 informaciones oficiales<\/p>\n<p>Iniciativas del Gobernador, Programa Realizaciones.<\/p>\n<p>Al empezar enero de 1954 el se\u00f1or Gobernador dio a conocer la serie de obras que acometer\u00eda. durante su mandato, a saber:<\/p>\n<ol>\n<li>Terminaci\u00f3n de la carretera de Chinaco a Toledo.<\/li>\n<li>Terminaci\u00f3n de la carretera de Villa caro Alto del Pozo.<\/li>\n<li>Terminaci\u00f3n de la carretera de La playa Hacar\u00ed.<\/li>\n<li>Construcci\u00f3n do! nuevo edificio para la F\u00e1brica de Licores en C\u00facuta.<\/li>\n<li>Dotar de nuevo edificio a la Empresa Tel\u00e9fonos de C\u00facuta.<\/li>\n<li>Pavimentaci\u00f3n de la carretera de Circunvalaci\u00f3n en C\u00facuta.<\/li>\n<li>La electrificaci\u00f3n del departamento y Conclusi\u00f3n de la Carretera Pamplona &#8211; Saravena<\/li>\n<\/ol>\n<p>Tomado de:<\/p>\n<p><strong>Solano Ben\u00edtez, Guillermo. 50 a\u00f1os De Vida Nortesantandereana. Tomo quinto p\u00e1ginas 355 a 580.<\/strong>[\/vc_column_text][vc_column_text]<\/p>\n<h3 class=\"thim-text-title\">Biograf\u00eda del Padre Jos\u00e9 Manuel Calderon<\/h3>\n<p><img loading=\"lazy\" decoding=\"async\" class=\"size-medium wp-image-11922 alignleft\" src=\"https:\/\/gonzaloriveralaguado.edu.co\/web\/wp-content\/uploads\/2020\/01\/image004-212x300.jpg\" alt=\"\" width=\"212\" height=\"300\" srcset=\"https:\/\/gonzaloriveralaguado.edu.co\/web\/wp-content\/uploads\/2020\/01\/image004-212x300.jpg 212w, https:\/\/gonzaloriveralaguado.edu.co\/web\/wp-content\/uploads\/2020\/01\/image004.jpg 557w\" sizes=\"auto, (max-width: 212px) 100vw, 212px\" \/><\/p>\n<p>EI padre Jos\u00e9 Manuel Calder\u00f3n Garc\u00eda naci\u00f3 en el municipio de Chitag\u00e1, Norte de Santander, el 25 de marzo de 1900, fue ordenado sacerdote por el Obispo Rafael Afanador y Cadena en la Catedral de Pamplona el 23 de septiembre de 1933.<\/p>\n<p>Se le conoci\u00f3 ampliamente en la ciudad de C\u00facuta por su entrega a su sacerdocio, por el servicio prestado a los m\u00e1s necesitados y por su preocupaci\u00f3n por la educaci\u00f3n y promoci\u00f3n de ni\u00f1os, j\u00f3venes y adultos, siendo el gestor de la creaci\u00f3n y construcci\u00f3n de la Bas\u00edlica de Nuestra Se\u00f1ora del Perpetuo Socorro, los templos de Sant\u00edsima trinidad, Las Angustias, El Ave Mar\u00eda, San Mart\u00edn de Porras, el Convento de las Clarisas, cofundador del SENA Norte de Santander, del C\u00facuta Deportivo en su segunda etapa, del Cuerpo de Bomberas Voluntarios, miembro fundador de Utranorte, de la Confederaci\u00f3n Obrera, de las instituciones Educativas Nacional de Comercio, El Perpetuo Socorro, El Esp\u00edritu Santo y el Gonzalo Rivera Laguado.<\/p>\n<p>Lleg\u00f3 como p\u00e1rroco a la que hoy es la Bas\u00edlica del perpetuo Socorro en el a\u00f1o 1947. Por espacio de 10 a\u00f1os realiz\u00f3 un programa radial en La voz del Norte denominado \u00abEco Mariano\u00bb todos los domingos a las 6:30 p.m. donde difundi\u00f3 su devoci\u00f3n por la Virgen del Perpetuo Socorro y en la imprenta de la misma parroquia editaba la famosa \u201chojita Parroquial\u00bb.<\/p>\n<p>Muri\u00f3 el 6 de julio de 1978, sus restos reposan en Santa Paz en una hermosa tumba situada en el costado izquierdo del interior de la Bas\u00edlica del Perpetuo Socorro del barrio el Contento de la ciudad de San Jos\u00e9 de C\u00facuta.[\/vc_column_text][\/vc_column][\/vc_row]<\/p>\n<\/div>","protected":false},"excerpt":{"rendered":"<p>[vc_row][vc_column][\/vc_column][\/vc_row][vc_row css=\u00bb.vc_custom_1559531433775{margin-bottom: 15px !important;}\u00bb][vc_column width=\u00bb5\/12&#8243; css=\u00bb.vc_custom_1553219212365{margin-bottom: 30px !important;}\u00bb][vc_column_text] Misi\u00f3n Ofrecer un servicio educativo desde preescolar hasta la media t\u00e9cnica que permita la formaci\u00f3n de l\u00edderes integrales (en lo cognitivo, social, axiol\u00f3gico y espiritual) que generen cambios dinamizadores en la comunidad &hellip; <\/p>\n","protected":false},"author":1,"featured_media":0,"parent":0,"menu_order":0,"comment_status":"closed","ping_status":"closed","template":"","meta":{"footnotes":""},"class_list":["post-11502","page","type-page","status-publish","hentry"],"_links":{"self":[{"href":"https:\/\/gonzaloriveralaguado.edu.co\/web\/wp-json\/wp\/v2\/pages\/11502","targetHints":{"allow":["GET"]}}],"collection":[{"href":"https:\/\/gonzaloriveralaguado.edu.co\/web\/wp-json\/wp\/v2\/pages"}],"about":[{"href":"https:\/\/gonzaloriveralaguado.edu.co\/web\/wp-json\/wp\/v2\/types\/page"}],"author":[{"embeddable":true,"href":"https:\/\/gonzaloriveralaguado.edu.co\/web\/wp-json\/wp\/v2\/users\/1"}],"replies":[{"embeddable":true,"href":"https:\/\/gonzaloriveralaguado.edu.co\/web\/wp-json\/wp\/v2\/comments?post=11502"}],"version-history":[{"count":20,"href":"https:\/\/gonzaloriveralaguado.edu.co\/web\/wp-json\/wp\/v2\/pages\/11502\/revisions"}],"predecessor-version":[{"id":11957,"href":"https:\/\/gonzaloriveralaguado.edu.co\/web\/wp-json\/wp\/v2\/pages\/11502\/revisions\/11957"}],"wp:attachment":[{"href":"https:\/\/gonzaloriveralaguado.edu.co\/web\/wp-json\/wp\/v2\/media?parent=11502"}],"curies":[{"name":"wp","href":"https:\/\/api.w.org\/{rel}","templated":true}]}}